{"id":384,"date":"2020-08-10T22:56:27","date_gmt":"2020-08-11T01:56:27","guid":{"rendered":"http:\/\/bg1.com.br\/loja\/produto\/inos-corradin-menina-com-gato-escultura-em-bronze-52cm-de-altura-ref-ic-005\/"},"modified":"2020-12-07T17:13:35","modified_gmt":"2020-12-07T20:13:35","slug":"inos-corradin-menina-com-gato-escultura-em-bronze-52cm-de-altura-ref-ic-005","status":"publish","type":"product","link":"https:\/\/bg1.com.br\/loja\/produto\/inos-corradin-menina-com-gato-escultura-em-bronze-52cm-de-altura-ref-ic-005\/","title":{"rendered":"Inos Corradin &#8211; Menina com Gato &#8211; Escultura em Bronze &#8211; 52cm de Altura &#8211; Ref: IC-005"},"content":{"rendered":"<p>Artista: Inos Corradin<br \/>\nT\u00edtulo: Menina com Gato<br \/>\nT\u00e9cnica: Escultura em Bronze<br \/>\nDimens\u00f5es: 52 cm altura<\/p>\n<div class=\"show_more\"><p class=\"wpsm-show\" style=\"color: #cc0000; font-size: 100%; text-align: left;\"> ... Leia mais<\/p><div class=\"wpsm-content\">\nINOS CORRADIN<\/p>\n<p>Corradin nasceu na It\u00e1lia, na cidade de Vogna. Na d\u00e9cada de 50, aos 21 anos, chegou ao Brasil, instalando-se em Jundia\u00ed, interior paulista, na casa de parentes. Convidado para trabalhar em um projeto pioneiro na \u00e9poca, o Atelier Cooperativa, Inos muda-se para o bairro da Vila Mariana, em S\u00e3o Paulo. Dois anos depois, Corradin percebeu a necessidade de viajar, de mudar de ambiente. E foi parar na Bahia.<br \/>\nInos utiliza pretextos da natureza para desenvolver uma filosofia da cor, uma cultura pl\u00e1stica e uma cultura de sentimentos atrav\u00e9s dos quais \u00e9 capaz de revelar o mundo de um modo \u00fanico e inimit\u00e1vel. Reinicia sua carreira em 1964 e 1965 expondo individualmente. Em 1968 come\u00e7a uma verdadeira maratona de exposi\u00e7\u00f5es<\/p>\n<p>Cronologia<span class=\"Apple-converted-space\">\u00a0<\/span><\/p>\n<p>1929 Nasce a 14 de novembro, em Vogogna, It\u00e1lia. Em seguida transfere-se para Castelbaldo, Prov\u00edncia di Padova, onde passa a inf\u00e2ncia e juventude, terra de seus pais.<br \/>\n1945 Estuda pintura com o professor Tardivello.<br \/>\n1947 Colabora com o pintor Pendin na execu\u00e7\u00e3o de um mural alusivo aos m\u00e1rtires da resist\u00eancia italiana, em Castelbaldo, Padova \u2013 It\u00e1lia.<br \/>\n1950 Chega ao Brasil, estabelecendo-se em Jundia\u00ed, S\u00e3o Paulo.<br \/>\n1951 Conhece o pintor argentino Osvaldo Navarro que dirige o \u201cAtelier Cooperativa Politone\u201d na Vila Mariana, S\u00e3o Paulo. \u00c9 convidado a fazer parte do n\u00facleo art\u00edstico do qual participam, entre outros, os pintores: Ian Woronieki e Geraldo Trindade Leal e mais cinco pintores.<br \/>\n1952 Convidado a participar do II Sal\u00e3o Paulista de arte moderna de S\u00e3o Paulo, participa do sal\u00e3o nacional de arte moderna do Rio de Janeiro.<br \/>\n1953 Chega a Salvador da Bahia com o pintor Trindade Leal. Conhece o grupo art\u00edstico baiano da \u00e9poca M\u00e1rio Cravo J\u00fanior, Rubens Valentin, Aguinaldo dos Santos, Carib\u00e8, Raimundo de Oliveira, Pancetti, Jenner Augusto, Wilson Rocha e Mirabeau Sampaio, o cr\u00edtico Wilson Rocha e o cantor e compositor Dorival Caymmi.<br \/>\n1954 Osvaldo Gil Navarro o convida a participar da equipe de cen\u00f3grafos do Ballet do IV Centen\u00e1rio de S\u00e3o Paulo. Executa cen\u00e1rios para ballet e pe\u00e7as teatrais para Rugero Giacobbi e Aldo Cravo.<br \/>\n1955 Continua ativo como cen\u00f3grafo<br \/>\n1957 Come\u00e7a uma nova fase de sua vida. Chega a Ibi\u00fana, S\u00e3o Paulo, onde pinta e trabalha com os madeireiros que na \u00e9poca tinham na madeira sua principal fonte de economia. Na d\u00e9cada de 60 conhece o seu primeiro e mais importante marchand, o Sr. Am\u00e9rico Reisfield, que ap\u00f3s cessar suas atividades \u00e9 sucedido por seu genro, o Sr. Josef Bar-Tzion, que o representa em diversas exposi\u00e7\u00f5es internacionais.<br \/>\n1960 Casa-se com Maria Helena Rolin Carmelo com a qual tem tr\u00eas filhos.<br \/>\n1976 \u00c9 representado pela Sra. Carla Surian Albori com exclusividade europ\u00e9ia<span class=\"Apple-converted-space\">\u00a0<\/span><br \/>\n1979 Contratado para pintar um cen\u00e1rio 8 x 11m para o teatro de Rovigo \u2013 It\u00e1lia.<br \/>\nTrabalha com exclusividade a 35 anos para Andr\u00e9 Blau, propriet\u00e1rio da Nova Galeria de Arte Andr\u00e9. Atualmente faz uma m\u00e9dia de 2 exposi\u00e7\u00f5es internacionais por ano.<span class=\"Apple-converted-space\">\u00a0<\/span><br \/>\n1990 A Prefeitura de Jundia\u00ed adquire 5 obras, com motivos religiosos, que est\u00e3o expostos no Vel\u00f3rio Municipal \u201cAdamastor Fernandes\u201d.<br \/>\n1993 A Prefeitura Municipal de Jundia\u00ed lhe presta uma homenagem pelos seus \u201c40 Anos de Pintura\u201d, organizando uma exposi\u00e7\u00e3o retrospectiva com obras emprestadas por in\u00fameros colecionadores.<br \/>\n1997 Lan\u00e7a seu livro \u201cLa Visione Incantata\u201d na Nova Galeria de Arte Andr\u00e9 em S.Paulo, com uma exposi\u00e7\u00e3o. (livro lan\u00e7ado simultaneamente no Brasil e na Europa), lan\u00e7ado por Edas \u2013 Edizioni D\u2019Arte Surian.<br \/>\n2001 Lan\u00e7a seu livro \u201cVenticinque Anni di mostre in Europa\u201d, lan\u00e7ado por Edas \u2013Edizioni D\u2019Arte Surian.<br \/>\n2002 A Companhia Italiana Costa Navega\u00e7\u00f5es lan\u00e7a ao mar o navio Costa Atl\u00e2ntica em Veneza e o contrata para decorar suas cabines com 800 serigrafias e 42 \u00f3leos sobre tela.<br \/>\n2002 Passa a fazer parte dos anais da C\u00e2mara Federal com discurso feito pelo Deputado Federal Andr\u00e9 Benassi ressaltando sua import\u00e2ncia na pintura no Brasil e exterior.<br \/>\n2004 Comemora 50 anos de pintura com uma super exposi\u00e7\u00e3o no Hotel Intercontinental, na Al.Santos em S.Paulo, onde lan\u00e7ou seu livro \u201c50 Anos de Pintura\u201d, editado por Auderi Martins.<br \/>\n2005 \u00c9 solicitado pela Prefeitura Municipal de Jundia\u00ed para criar um selo comemorativo dos 350 anos da cidade. Este selo tamb\u00e9m foi lan\u00e7ado pela Empresa Brasileira de Correios e Tel\u00e9grafos.<br \/>\n2006 \u00c9 homenageado pela Associa\u00e7\u00e3o Terap\u00eautica de Estimula\u00e7\u00e3o Auditiva e Linguagem &#8211; ATEAL, juntamente com a Prefeitura Municipal de Jundia\u00ed, em fun\u00e7\u00e3o de sua benemer\u00eancia com as crian\u00e7as assistidas dessa ONG, que inclusive reproduziram de forma singular algumas de suas obras.<span class=\"Apple-converted-space\">\u00a0<\/span><br \/>\n2006 Ilustra os livros \u201cO N\u00e1ufrago Negro\u201d e \u201cOuvindo Estrelas\u201d do poeta e advogado Aguinaldo de Bastos, com 50 obras in\u00e9ditas.<br \/>\n2007 Pinta o \u00f3leo sobre tela \u201cTributo \u00e0 Serra do Japi\u201d (l,80 x 9,00m), cuja r\u00e9plica transformada num painel de 9,00 e 4,5 metros, encontra-se em exposi\u00e7\u00e3o permanente na Rodovi\u00e1ria de Jundia\u00ed<span class=\"Apple-converted-space\">\u00a0<\/span><br \/>\n2008 Lan\u00e7amento do document\u00e1rio \u201cINOS\u2019 que tra\u00e7a um panorama de sua vida art\u00edstica nos seus 56 anos de carreira, bem como curiosidades de sua vida pessoal.<span class=\"Apple-converted-space\">\u00a0<\/span><\/p>\n<p>EXPOSI\u00c7\u00d5ES INDIVIDUAIS NO BRASIL<\/p>\n<p>1953 &#8211; Galeria Oxumar\u00e9- Bahia<br \/>\n1957 \u2013Montmartre &#8211; Niter\u00f3i -RJ<br \/>\n1961 \u2013 Montmartre &#8211; Niter\u00f3i &#8211; RJ<br \/>\n1964 &#8211; Galeria Projet &#8211; SP<br \/>\n1965 &#8211; Galeria Projet &#8211; SP<br \/>\n1969 &#8211; Galeria Atrium &#8211; SP<br \/>\n1970 &#8211; Galeria Guignard &#8211; Belo Horizonte -MG<br \/>\nGaleria Astr\u00e9ia -SP<br \/>\n1972 &#8211; Museu de Arte Contempor\u00e2nea &#8211; Curitiba<br \/>\n1973 &#8211; Galeria A Hebraica &#8211; S.Paulo<br \/>\n1976 \u2013 Galeria do Centro \u2013 Florian\u00f3polis -SC<br \/>\n1977 \u2013 Galeria de Arte Andr\u00e9 \u2013 SP<br \/>\n1979 &#8211; Exposi\u00e7\u00e3o Clube Jundiaiense \u2013 Retrospectiva -Jundia\u00ed-SP<br \/>\n1981 \u2013 Galeria Academus \u2013 RJ<br \/>\nItaugaleria \u2013 Porto Alegre \u2013RS<br \/>\n1982 &#8211; Galeria de Arte Andr\u00e9 &#8211; SP<br \/>\n1983 &#8211; Galeria Anna Maria Niemeyer &#8211; RJ<br \/>\n1984 \u2013 \u00c9poca Galeria de Arte \u2013 Salvador BA<br \/>\n1984 &#8211; Galeria Momento Arte \u2013 Curitiba -PR<br \/>\n1985 &#8211; Galeria de Arte Andr\u00e9 &#8211; SP<br \/>\nGaleria Jardim Contempor\u00e2neo \u2013 Ribeir\u00e3o Preto \u2013SP<br \/>\nGaleria de Arte Toulouse \u2013 RJ<br \/>\n1987 &#8211; Galeria de Arte Andr\u00e9 &#8211; SP<br \/>\n1988 \u2013 La Galleria \u2013 Bras\u00edlia (DF)<br \/>\n1989 &#8211; Galeria Toulouse \u2013 RJ<br \/>\n1993 &#8211; Antol\u00f3gica 1953-1993 Pa\u00e7o Municipal Jundiai &#8211; Jundiai -SP<br \/>\n1997 &#8211; Galeria de Arte Andr\u00e9 -SP<br \/>\nGaleria de Arte do Hospital Albert Einstein -SP<br \/>\n1998 \u2013 Gabinete de Leitura Ruy Barbosa 45 Anos Pintura -Jundia\u00ed- SP<br \/>\nCentro Cultural Brasil Estados Unidos \u2013 Santos \u2013SP<br \/>\n2000 \u2013 Galeria e Escrit\u00f3rio de Arte Caribe &#8211; SP<span class=\"Apple-converted-space\">\u00a0<\/span><br \/>\n2002 &#8211; Associa\u00e7\u00e3o Paulista de Medicina &#8211; SP<br \/>\n2004 &#8211; Hotel Intercontinental &#8211; (50 Anos de Pintura) &#8211; SP<br \/>\n2005 &#8211; Galeria Bublitz \u2013 Porto Alegre \u2013 RS<br \/>\n2005 \u2013 Sala Vip da Varig \u2013Cumbica \u2013Aeroporto Internacional Andr\u00e9 Franco Montoro\u00a0\u00a0\u00a0\u00a0\u00a0\u00a0\u00a0\u00a0\u00a0\u00a0\u00a0\u00a0 Guarulhos \u2013 SP<br \/>\n2006 \u2013 Homenagem a Inos \u2013 retrospectiva \u2013 Prefeitura de Jundia\u00ed \u2013SP<br \/>\n2006 &#8211; Exposi\u00e7\u00e3o com 50 obras in\u00e9ditas que ilustram os livros \u201cO N\u00e1ufrago Negro\u201d e \u201cOuvindo Estrelas\u201d \u2013 Jundia\u00ed \u2013SP.<br \/>\n2007 \u2013 Exposi\u00e7\u00e3o com obras in\u00e9ditas que ilustram os livros \u201cO N\u00e1ufrago Negro\u201d e \u201cOuvindo Estrelas\u201d \u2013 Conjunto Nacional \u2013 S\u00e3o Paulo<br \/>\n2007- O Cromatismo de Inos Corradin &#8211; Infraero &#8211; Cumbica &#8211; Aeroporto Internacional Andr\u00e9 Franco Montoro &#8211; Guarulhos -SP<br \/>\n2008- \u201c50 Anos de Pintura\u201d \u2013 Espa\u00e7o Cultural Zumbi dos Palmares \u2013 C\u00e2mara dos Deputados &#8211; Bras\u00edlia \u2013 D.F.<span class=\"Apple-converted-space\">\u00a0<\/span><\/p>\n<p>EXPOSI\u00c7\u00d5ES INDIVIDUAIS NA AM\u00c9RICA DO SUL, AM\u00c9RICA DO NORTE E ORIENTE M\u00c9DIO<\/p>\n<p>1968\u2013 Cassino Miguez, Punta Del Este \u2013 Uruguai<br \/>\n1968 \u2013 Galeria Wildestein, Buenos Aires \u2013 Argentina<br \/>\n1969 \u2013 D\u2019Hautbarr Galery, New York \u2013 Estados Unidos<br \/>\n1971 \u2013 Caesarea \u2013 Israel, organizada pelo Sr. Josef Bar-Tzion<br \/>\n1973 \u2013 Gallery of Modern Art Caesarea \u2013 Israel<br \/>\nGaleria Wildenstein \u2013 Buenos Aires, Argentina<br \/>\n1975 \u2013 Bar-Tzion Fine Arts, Tel-Aviv \u2013 Israel<br \/>\n1977 \u2013 Galerie Desert Inn, Beer Sheva, Israel<br \/>\n1978 \u2013 Allan S. Park Gallery \u2013 NY \u2013 Estados Unidos<br \/>\n1979 \u2013 Karr Gallery of Fine Art, Toronto \u2013 Canad\u00e1<\/p>\n<p>EXPOSI\u00c7\u00d5ES INDIVIDUAIS NA EUROPA<\/p>\n<p>1975 &#8211; Galerie Debret, Parigi ( France)<br \/>\n1976 &#8211; Galleria d\u2019Arte RIVIERE, Mirano (VE) (Italy)<br \/>\nGalleria d\u2019Arte RODA, Rovigo (Italy)<br \/>\nGalleria DELFINO, Rovereto (TN) (Italy)<br \/>\nGalleria d\u2019Arte MOROSINI, Abano Terme (PD) (Italy)<br \/>\nCREARCO Galerie 75, Losanna (Switzerland)<br \/>\nGalerie DE BEERENBURGHT (Holland)<span class=\"Apple-converted-space\">\u00a0<\/span><br \/>\nGalleria d\u2019Arte IL CASTELLETTO, Thiene (VI) (Italy)<br \/>\n1977 &#8211; Galleria NUOVA SCALIGERA, Verona (Italy)<br \/>\nGalleria IL SIGILLO, Padova (Italy)<br \/>\nGalleria d\u2019Arte LA TAVOLOZZA, Trento (Italy)<br \/>\nGalleria LA FARETRA, Ferrara (Italy)<span class=\"Apple-converted-space\">\u00a0<\/span><br \/>\nGalleria d\u2019Arte SANT\u2019AMBROEUS, Milano (Italy)<br \/>\n1978 &#8211; Centro ARTE DALY, Ivrea (TO) (Italy)<br \/>\nCentro d\u2019Arte SAN VIDAL, Venezia (Italy)<br \/>\n1979 &#8211; PAUL IDE Gallery, Bruxelles (Belgium)<br \/>\nAccademia dei Concordi, Rovigo (Italy)<br \/>\nMostra \u201cPresenze\u201d, Montagnoso (MS) (Italy)<span class=\"Apple-converted-space\">\u00a0<\/span><br \/>\nGalleria M. FOGOLINO, Trento (Italy)<br \/>\nSala mostre HOTEL QUISISANA, Abano Terme (PD) (Italy)<br \/>\nGalleria LES CHANCES DE L\u2019ART, Bolzano (Italy)<br \/>\n1980 &#8211; Galleria LE CAVE 2, Treviso<br \/>\nGalleria BOTTEGA DI CIMABUE, Firenze<br \/>\nCentro d\u2019Arte SAN VIDAL, Venezia<br \/>\n1981 &#8211; Galleria PRISMA, Verona (Italy)<br \/>\nGalleria IL VENTAGLIO, Udine (Italy)<br \/>\nGalleria AAB, Brescia (Italy)<br \/>\nGalleria QUADRIVIO, Rovigo (Italy)<br \/>\nGalleria Modern Art, Koln (Germany)<br \/>\n1982 &#8211; Galerie GRANDE FONTAINE, Sion (Switzerland)<br \/>\nE. P. Galerie, D\u00fbsseldorf (Germany)<br \/>\nGalerie HOTEL STEIGENBERGER, Berlino (Germany)<br \/>\nGalleria IL SIGILLO \u201cOmaggio al circo\u201d, Padova (Italy)<br \/>\nCasa del Turismo e Artigianato, Predazzo (TN) (Italy)<span class=\"Apple-converted-space\">\u00a0<\/span><br \/>\n1983 &#8211; Galleria M. FOGOLINO, Trento (Italy)<br \/>\nGalerie DES BASTIONS, Ginevra (Switzerland)<br \/>\nGalerie ZUTA, Wiesbaden (Germania)<br \/>\nGalerie PICPUS, Montreux (Switzerland)<br \/>\n1984 &#8211; Galerie M\u00dbNSTERBERG, Basilea (Switzerland)<br \/>\nE. P. Galerie, D\u00fbsseldorf (Germany)<br \/>\nCentro d\u2019Arte SAN VIDAL, Venezia (Italy)<br \/>\n1985 &#8211; Galleria d\u2019Arte P. DIACONO, Cividale del Friuli (UD) (Italy)<br \/>\nGalleria d\u2019Arte SCHREIBER, Brescia (Italy)<br \/>\nGalleria LES CHANCES DE L\u2019ART, Bolzano (Italy)<br \/>\n1986 &#8211; Galerie NO\u00cbLLE, Uster, Zurigo, (Switzerland)<br \/>\nGalerie SUPERSAXO, Martigny (Switzerland)<br \/>\n1987 &#8211; Galerie M\u00dbNSTERBERG, Basilea (Switzerland)<br \/>\nGalleria d\u2019Arte IL VENTAGLIO, Udine (Italy)<br \/>\nGalleria E. DE LUCA, Belluno (Italy)<br \/>\nGalleria LES CHANCES DE L\u2019ART, Bolzano (Italy)<br \/>\n1988 &#8211; Galerie LES MOUETTES, Losanna (Switzerland)<br \/>\nGalerie AM H\u00d5HEWEG, Interlaken (Switzerland)<br \/>\nCentro d\u2019Arte SAN VIDAL, Venezia (Italy)<br \/>\n1989 &#8211; Galleria M. FOGOLINO, Trento (Italy)<br \/>\nGalleria d\u2019Arte ARETUSA, Giardini Naxos (ME) (Italy)<br \/>\nGalerie ZUR KRONE, B\u00e4tterkinden (Switzerland)<br \/>\nGalleria LES CHANCES DE L\u2019ART, Bolzano (Italy)<br \/>\n1990 &#8211; Galleria LA BOTTEGA D\u2019ARTE, Gorizia (Italy)<br \/>\nFondation LOUIS MORET, Martigny (Switzerland)<br \/>\nBrasil Interart, Parigi (France)<br \/>\n1991 &#8211; \u201cConfronti \u201891\u201d, VILLA CONTARINI, Piazzola sul Brenta (PD) (Italy)<br \/>\nKursaal, Sala Mostre, Abano Terme (PD) (Italy)<br \/>\nGALEOTHEK 2 \u201cGalerie der Wandlung\u201c, Innsbruck (Austria)<br \/>\nArte 10, Tolmezzo (UD) (Italy)<br \/>\n1992 &#8211; Galerie DU CYGNE, Ginevra (Switzerland)<br \/>\nGalerie DIDA, Graz (Austria)<br \/>\nGalleria M. FOGOLINO, Trento (Italy)<br \/>\nGalerie DAGHOFER, Leoben (Austria)<br \/>\n\u201cColore e poesia\u201d, Faido Canton Ticino (Switzerland)<br \/>\n1993 &#8211; Galleria ARTESEGNO, Udine (Italy)<br \/>\nGalerie VIA NOVA, Klagenfurt (Austria)<span class=\"Apple-converted-space\">\u00a0<\/span><br \/>\n1994 &#8211; ART GALLERY BUGNO &amp; SAMUELI, Venezia (Italy)<br \/>\nGalerie GERHARD, Bad Berleburg (Germany)<br \/>\n1995 &#8211; Galerie DAGMAR- REIMUS, Essen (Germany)<br \/>\nAssessorato Cultura \u201cAntologica 1953-1995\u201d, Oratorio di SAN ROCCO, Padova (Italy)<br \/>\n1996 &#8211; Galerie DIDA, Graz (Austria)<span class=\"Apple-converted-space\">\u00a0<\/span><br \/>\nGalleria AAA, Ascona (Switzerland)<br \/>\nGalleria BOX ART \u201c1976-1996: vent\u2019anni di mostre in Europa\u201d, Thiene (VI) (Italy)<br \/>\nGalerie PLAZA HOTEL, Vienna (Austria)<br \/>\n1997 &#8211; Galleria PALAZZO RONCALE, Rovigo (Italy)<br \/>\nGalleria LA MERIDIANA, Verona (Italy)<br \/>\nART GALLERY BUGNO &amp; SAMUELI, Venezia (Italy)<br \/>\nGalleria d\u2019Arte ARETUSA, Giardini Naxos (ME) (Italy)<br \/>\n1998 &#8211; Galerie ART AND BE, M\u00fbnchen (Germany)<span class=\"Apple-converted-space\">\u00a0<\/span><br \/>\nGalleria M. FOGOLINO, Trento (Italy)<br \/>\nGalleria Centro d\u2019Arte AGATIRIO, Capo d\u2019Orlando (ME) (Italy)<br \/>\nIncontri d\u2019Arte SCRIMIN, Centro d\u2019Arte, Bassano del Grappa (VI) (Italy)<br \/>\n\u201cMast\u00e8a d\u2019oro\u201d, Sala Mostre, Campagnola di Brugine (PD) (Italy)<br \/>\nPalazzo Pretorio \u201cOmaggio a Vogogna\u201d, Vogogna (VB) (Italy)<br \/>\n1999 &#8211; Sala Civica G. B. BISON \u201cCronaca dell\u2019immaginario\u201d, Palmanova (UD) (Italy)<br \/>\nAssessorato alla Cultura, Sala GIDONI, Badia Polesine (RO) (Italy)<br \/>\nPalazzo ARENGARIO, Cannobbio (VB) (Italy)<br \/>\nGalerie DIDA \u201cChronik \u00fbber die Einbildung\u201d, Graz (Austria)<br \/>\n2000 &#8211; Fondazione PALAZZO VIANI VISCONTI \u201cCronaca dell\u2019immaginario\u201d,<span class=\"Apple-converted-space\">\u00a0<\/span><br \/>\nVerbania P. (Italy)<br \/>\nSala Mostre PALAZZO BELLINI, Oleggio (NO) (Italy)<br \/>\nSala Convegni ABBAZIA DELLA VANGADIZZA, Badia Polesine (RO) (Italy)<br \/>\nGaleria DIDA \u201cBilder vom Meer und vom Land\u201d, Graz (Austria)<br \/>\nCasa d\u2019Arte LUCA DE REGIBUS, Vogogna (VB) (Italy)<br \/>\n2001 &#8211; Art Gallery C. FERNET \u201cLumieres\u201d, Bruxelles (Belgium)<br \/>\nGalerie MAXAL \u201c25 ans d\u2019expositions en Europe\u201d, Liegi (Belgium)<br \/>\n2002 &#8211; Galleria LA RINASCENTE \u201cImmaginario\u201d, Padova (Italy)<br \/>\n2003 &#8211; Galleria d\u2019Arte ARETUSA, Giardini Naxos (ME) (Italy)<br \/>\nGalleria Comunale CASTELLO ARAGONESE,Taranto (Italy)<br \/>\n2004 &#8211; Galerie DU CYGNE, Fernet Voltaire (France)<br \/>\nKursaal, Sala Mostre \u201cImmagini di sogno e di memoria\u201d, Abano Terme (PD) (Italy)<br \/>\n\u201cTra sogno e realt\u00e0\u201d, Chiesetta di San Marco, Marostica (VI) (Italy)<span class=\"Apple-converted-space\">\u00a0<\/span><br \/>\n2005 &#8211; Sala Gran Guardia \u201cLa nostalgia delle distanze\u201d, Rovigo (Italy)<br \/>\n2006 &#8211; Arteforum Gallery \u2013 \u201cUn percorso tra magia e memoria, Padova (Italy)<br \/>\n2007 &#8211; Bugno Art Gallery \u2013 \u201cDue Visioni\u201d, Venezia (Italy)<br \/>\n2007- SPAZIOARTE \u2013 Galleria Eventi Oggetti \u2013 Mergozzo (VB) Lago Maggiore \u2013 It\u00e1lia \u2013 \u201cLa<span class=\"Apple-converted-space\">\u00a0<\/span><br \/>\nNostalgia Della Distanza\u201d<br \/>\n2007-IDEA PADOVA \u2013 Pallazzo Sarmatia \u2013 Padova (Camin) It\u00e1lia<\/p>\n<p>EXPOSI\u00c7\u00d5ES COLETIVAS NA EUROPA<\/p>\n<p>1978 &#8211; Collettiva \u201cArte a Marostica\u201d, Marostica (VI) (Italy)<span class=\"Apple-converted-space\">\u00a0<\/span><br \/>\n1979 &#8211; \u201cPalmanova Arte\u201d, Palmanova (UD) (Italy)<span class=\"Apple-converted-space\">\u00a0<\/span><br \/>\n1983 &#8211; \u201cArte e Grafica\u201d, Castello Inferiore, Marostica (VI) (Italy)<br \/>\n1985 &#8211; \u201cMonteisola Arte\u201d, Monteisola (BS) (Italy)<br \/>\n1986 &#8211; Casa del Turismo e Artigianato, Predazzo (TN) (Italy)<br \/>\n1988 &#8211; \u201cMaestri d\u2019oggi\u201d, Sala Mostre Castello di Montagnana (PD) (Italy)<br \/>\n1990 &#8211; \u201cIncontri al Miramonti\u201d, Auronzo di Cadore (BL) (Italy)<br \/>\n1991 &#8211; \u201cArte Fiera \u201891\u201d, Bologna(Italy)<br \/>\nGalleria ARETUSA\u201cArtisti d\u2019oggi\u201d, Giardini Naxos (ME) (Italy)<br \/>\n\u201cQuel filo azzurro tra acqua e arte\u201d, Monteisola (BS) (Italy)<br \/>\n\u201cArtisti ad Iseo\u201d, Iseo (BS) (Italy)<br \/>\n1992 &#8211; \u201cColore e poesia\u201d, Faido Ticino (Switzerland)<br \/>\n\u201cColore e poesia\u201d, Monteisola (BS) (Italy)<br \/>\nGalleria ARETUSA (Italy) \u201cColore e poesia\u201d, Giardini Naxos (ME) (Italy)<br \/>\n1993 &#8211; \u201cPittura e grafica\u201d, Monteisola (BS) (Italy)<br \/>\nGalleria ARETUSA \u201cPittura e grafica&#8221;, Giardini Naxos (ME) (Italy)<br \/>\n\u201cArte Fiera \u201993\u201d, Fiera d\u2019Arte, Padova (Italy)<br \/>\n1994 &#8211; \u201cArte Fiera \u201894\u201d, Fiera d\u2019Arte, Padova (Italy)<br \/>\n\u201cEtruriArte\u201d, Venturina (LI) (Italy)<br \/>\n1996 &#8211; \u201cArte Fiera \u201896\u201d, Padova (Italy)<br \/>\n1997 &#8211; Galleria AGATIRIO \u201cInvito al collezionismo\u201d, Capo d\u2019Orlando (ME) (Italy)<br \/>\nGalleria d\u2019Arte A. CIFERRI \u201cCarnevale \u00e8 un pretesto\u201d, Brescia<span class=\"Apple-converted-space\">\u00a0<\/span><br \/>\n1998 &#8211; \u201cArte Udine\u201d, Fiera d\u2019Arte, Udine (Italy)<span class=\"Apple-converted-space\">\u00a0<\/span><br \/>\n\u201cArte Fiera Bari\u201d, Fiera d\u2019Arte, Bari (Italy)<br \/>\n\u201cArte a Monteisola: un\u2019isola per l\u2019arte\u201d, Monteisola (BS) (Italy)<br \/>\nGalleria Civica \u201cColore e poesia\u201d, Riva del Garda (TN) (Italy)<br \/>\n\u201cColore e poesia\u201d, ex Chiesa di San Rocco, Este (PD) (Italy)<br \/>\nGalerie GERHARD \u201cLatin art-arte latina\u201d, Bad Berleburg (Germany)<br \/>\n\u201cVersilia Arte\u201d, XIX Festival \u201cLa Versiliana\u201d, Marina di Pietrasanta (LU) (Italy)<br \/>\n\u201cArte Padova \u201898\u201d, Fiera d\u2019Arte, Padova (Italy)<br \/>\n\u201cLineart\u201d, Fiera d\u2019Arte, Gent (Belgium)<br \/>\n1999 &#8211; \u201cArte Padova \u201899\u201d, Fiera d\u2019Arte, Padova (Italy)<br \/>\n\u201cLineart\u201d, Fiera d\u2019Arte, Gent (Belgium)<br \/>\n2000 &#8211; \u201cInvito al collezionismo\u201d, Lago di Mergozzo (VB) (Italy)<br \/>\n\u201cInvito al collezionismo\u201d, ex Oratorio San Rocco , Este ( PD) (Italy)<br \/>\n\u201cArte Padova 2000\u201d, Fiera d\u2019Arte, Padova (Italy)<br \/>\n\u201cLineart\u201d, Fiera d\u2019Arte, Gent (Belgium)<br \/>\n2001 &#8211; \u201cArte Padova 2001\u201d, Fiera d\u2019Arte, Padova (Italy)<br \/>\n\u201cEurop\u2019Art\u201d, Ginevra (Switzerland)<br \/>\n\u201cSalzburg Kunstmesse Event Center\u201d, Bergheim, Salisburgo (Austria)<br \/>\n2002 &#8211; ART POINT Gallery \u201cCollettiva di primavera\u201d, Firenze (Italy)<br \/>\nFondazione PALAZZO VIANI VISCONTI \u201cColore e poesia\u201d, Verbania P. (VB) (Italy)<br \/>\n\u201cArte Padova 2002\u201d, Fiera d\u2019Arte, Padova (Italy)<br \/>\nCasa d\u2019Arte LUCA DE REGIBUS \u201cCollettiva di Natale\u201d, Vogogna (VB) (Italy)<br \/>\n2003 &#8211; \u201cExpo Arte\u201d, Fiera Levante, Bari (Italy)<br \/>\n\u201cArte Padova 2003\u201d, Fiera d\u2019Arte, Padova (Italy)<br \/>\n\u201cSalzburg Kunstmesse Event Center\u201d, Bergheim, Salisburgo (Austria)<br \/>\n\u201cEventi d\u2019Arte\u201d, Firenze (Italy)<br \/>\nPALAZZO CAPITANI \u201cFigurativo e Figurativo\u201d, Malcesine (VR) (Italy)<br \/>\n2004 &#8211; ARTEFORUM Gallery \u201cSudamericana\u201d, Padova (Italy)<br \/>\n2005 &#8211; \u201cTestimonianze. Il piccolo formato oggi\u201d, Kursaal Sala Mostre, Abano T. (PD) (Italy)<br \/>\n\u201cArte Padova 2005\u201d, Fiera d\u2019Arte, Padova (Italy)<\/p>\n<p>EXPOSI\u00c7\u00d5ES COLETIVAS \u2013 BRASIL E AM\u00c9RICA DO SUL<\/p>\n<p>1966 &#8211; Museu Provincial de Belas Artes Ramon Gomes Cornet, Santiago Del Estero \u2013 Argentina<br \/>\n1968 &#8211; \u201cSalon Gutierrez Ya Guard \u2013 C\u00f3rdoba \u2013 Argentina<br \/>\n1970 &#8211; Azul\u00e3o Galeria &#8211; Cavalos<br \/>\n1972 &#8211; Coletiva Inaugural, Galeria A Ponte \u2013 SP<br \/>\nGaleria Kalendas &#8211; SP<br \/>\n1975 &#8211; Cinco Tend\u00eancias, Galeria Kompass &#8211; SP<br \/>\n1981 &#8211; Galeria Portal &#8211; SP<br \/>\nGaleria Scopus &#8211; RJ<br \/>\nGaleria Academus, Pintores Paisagistas Brasileiros &#8211; SP<br \/>\nGaleria de Arte do Sesi &#8211; SP<br \/>\n1986 &#8211; Galeria Grossman \u2013Artistas &amp; Futebol &#8211; SP<br \/>\nGaleria Ranulpho \u2013 SP<br \/>\nGaleria Sanz Martins \u2013 Vit\u00f3ria -ES<br \/>\n1987 &#8211; Galeria Espa\u00e7o Arte -Coletiva Bico de Pena, Curitiba &#8211; PR.<br \/>\nColetiva \u201cVer\u00e3o Arte Acaiaca\u201d Curitiba PR.<br \/>\nColetiva \u201cCinco Artistas\u201d \u2013 Galeria Ranulpho \u2013 SP<br \/>\nBanco do Estado de Minas \u2013 Coletiva de Figurativos &#8211; MG<br \/>\n1991 \u2013 C oletiva Internacional Bienal de Arte Vizu \u2013 Caracas \u2013<span class=\"Apple-converted-space\">\u00a0<\/span><br \/>\nVenezuela<br \/>\n1996 &#8211; Coletiva de Inverno \u2013 Galeria Ranulpho &#8211; Recife<br \/>\n1997 \u2013 Arte no Conjunto Nacional \u2013 Inos,Cl\u00e1udio Tozzi,Fang, Gustavo Rosa e Ivald Granato<br \/>\nColetiva de Natal \u2013 Galeria de Arte Andr\u00e9 -SP<br \/>\nColetiva Centro Cultural T\u00e3o Sigulda \u2013Campo Limpo &#8211; SP<br \/>\nColetiva La Bettola-SP -Cor,Desenho e Talento \u2013 Figurativos-<br \/>\n1998 &#8211; Cinco Express\u00f5es da Arte Brasileira \u2013 Banco Central \u2013SP<br \/>\n1998- Paisagem \u2013 Galeria de Arte Andr\u00e9<br \/>\nFutebol em Arte \u2013 Galeria de Arte Andr\u00e9 \u2013 SP<br \/>\n2001 \u2013 4 D\u00e9cadas \u2013 Nova ANDR\u00c9 Galeria de Arte \u2013S.P.<br \/>\nMovimento das Cores \u2013 Galeria de Arte Andr\u00e9 -SPSP<br \/>\nColetiva Luz e Cor \u2013 Galeria de Arte Andr\u00e9 -SP<br \/>\n2002 \u2013 Grandes Nomes da Arte Brasileira \u2013 Hilton Hotel \u2013 S.P.<br \/>\nCenter Vale \u2013 S\u00e3o Jos\u00e9 dos Campos \u2013 SP<br \/>\nArte do Novo S\u00e9culo \u2013 Jundia\u00ed &#8211; SP<br \/>\n2003 \u2013 Arte Sem Fronteiras \u2013 Hilton Hotel \u2013 SP<br \/>\n2004 &#8211; 45 x 450 Anos de S\u00e3o Paulo \u2013 Nova ANDR\u00c9 Galeria de Arte SP<br \/>\n2005 \u2013 Assembl\u00e9ia Legislativa \u2013 It\u00e1lia-Brasil Arte \u2013 SP<br \/>\n2006 &#8211; 10 ARTISTAS DO BRASIL &#8211; BNP &#8211; PARIBAS &#8211; SP<span class=\"Apple-converted-space\">\u00a0<\/span><br \/>\n2006 \u2013 Exp\u00f4s como convidado do Pintor FANG no lan\u00e7amento do livro\u201dFANG SUMI\u00ca\u201d\u2013 Cultural\u00a0\u00a0\u00a0\u00a0\u00a0\u00a0\u00a0\u00a0\u00a0\u00a0\u00a0 Blue Life \u2013 S\u00e3o Paulo<br \/>\n2006 \u2013 Golf in Art \u2013 Cultural Blue Life &#8211; SP<br \/>\n2008- \u201cArte 83 Peso e Volume\u201d &#8211; Museu de Arte Contempor\u00e2nea de Campinas \u201cJos\u00e9 Pancetti\u201d\u00a0\u00a0\u00a0\u00a0\u00a0\u00a0\u00a0\u00a0\u00a0\u00a0\u00a0 Campinas \u2013 S.P. \u2013 Brasil.<br \/>\n <p class=\"wpsm-hide\" style=\"color: #cc0000; font-size: 100%; text-align: left;\"> ... Ler menos<\/p><\/div><\/div>\n","protected":false},"excerpt":{"rendered":"<p>Artista: Inos Corradin T\u00edtulo: Menina com Gato T\u00e9cnica: Escultura em Bronze Dimens\u00f5es: 52 cm altura<\/p>\n","protected":false},"featured_media":385,"template":"","meta":[],"product_cat":[76],"product_tag":[],"class_list":["post-384","product","type-product","status-publish","has-post-thumbnail","hentry","product_cat-inos-corradin"],"aioseo_notices":[],"_links":{"self":[{"href":"https:\/\/bg1.com.br\/loja\/wp-json\/wp\/v2\/product\/384","targetHints":{"allow":["GET"]}}],"collection":[{"href":"https:\/\/bg1.com.br\/loja\/wp-json\/wp\/v2\/product"}],"about":[{"href":"https:\/\/bg1.com.br\/loja\/wp-json\/wp\/v2\/types\/product"}],"wp:featuredmedia":[{"embeddable":true,"href":"https:\/\/bg1.com.br\/loja\/wp-json\/wp\/v2\/media\/385"}],"wp:attachment":[{"href":"https:\/\/bg1.com.br\/loja\/wp-json\/wp\/v2\/media?parent=384"}],"wp:term":[{"taxonomy":"product_cat","embeddable":true,"href":"https:\/\/bg1.com.br\/loja\/wp-json\/wp\/v2\/product_cat?post=384"},{"taxonomy":"product_tag","embeddable":true,"href":"https:\/\/bg1.com.br\/loja\/wp-json\/wp\/v2\/product_tag?post=384"}],"curies":[{"name":"wp","href":"https:\/\/api.w.org\/{rel}","templated":true}]}}